

{"id":16872,"date":"2022-10-27T18:01:14","date_gmt":"2022-10-27T18:01:14","guid":{"rendered":"https:\/\/nutrident.fr\/?page_id=16872"},"modified":"2023-05-31T11:06:41","modified_gmt":"2023-05-31T11:06:41","slug":"canceres-orales-y-efectos-secundarios","status":"publish","type":"page","link":"https:\/\/nutrident.fr\/es\/canceres-orales-y-efectos-secundarios\/","title":{"rendered":"C\u00e1nceres orales y efectos secundarios del tratamiento"},"content":{"rendered":"<div class=\"meta\"><div class=\"meta__users\"><\/div><div class=\"meta__date-modified\">Updated:&nbsp;<span>mayo 31, 2023<\/span><\/div><\/div><div class=\"wp-block-image\">\n<figure class=\"alignright size-medium\"><img width=\"300\" height=\"200\" src=\"https:\/\/nutrident.fr\/wp-content\/uploads\/2021\/01\/national-cancer-institute-BxXgTQEw1M4-unsplash-1-300x200.jpg\" alt=\"c\u00e1ncer\" class=\"wp-image-8134\" srcset=\"https:\/\/nutrident.fr\/wp-content\/uploads\/2021\/01\/national-cancer-institute-BxXgTQEw1M4-unsplash-1-300x200.jpg 300w, https:\/\/nutrident.fr\/wp-content\/uploads\/2021\/01\/national-cancer-institute-BxXgTQEw1M4-unsplash-1-1024x683.jpg 1024w, https:\/\/nutrident.fr\/wp-content\/uploads\/2021\/01\/national-cancer-institute-BxXgTQEw1M4-unsplash-1-768x512.jpg 768w, https:\/\/nutrident.fr\/wp-content\/uploads\/2021\/01\/national-cancer-institute-BxXgTQEw1M4-unsplash-1-1080x720.jpg 1080w, https:\/\/nutrident.fr\/wp-content\/uploads\/2021\/01\/national-cancer-institute-BxXgTQEw1M4-unsplash-1-980x653.jpg 980w, https:\/\/nutrident.fr\/wp-content\/uploads\/2021\/01\/national-cancer-institute-BxXgTQEw1M4-unsplash-1-480x320.jpg 480w, https:\/\/nutrident.fr\/wp-content\/uploads\/2021\/01\/national-cancer-institute-BxXgTQEw1M4-unsplash-1.jpg 1200w\" sizes=\"(max-width: 300px) 100vw, 300px\" \/><figcaption>Existen varios tipos de c\u00e1ncer oral<\/figcaption><\/figure><\/div>\n\n\n<p>Los c\u00e1nceres orales son un grupo de enfermedades que pueden afectar cualquier parte de la cavidad oral: labios, lengua, enc\u00edas, paladar, am\u00edgdalas e incluso la faringe.<\/p>\n\n\n\n<p>En este art\u00edculo, exploraremos los diferentes tipos de c\u00e1nceres bucales, sus causas, s\u00edntomas y tratamientos, as\u00ed como los posibles <a href=\"https:\/\/radiotherapie-hartmann.fr\/actualites\/traitements\/effets-secondaires-de-la-radiotherapie-mammaire\/\" target=\"_blank\" rel=\"noopener\">efectos secundarios de la quimioterapia y la radioterapia<\/a>.<\/p>\n\n\n\n<div id=\"ez-toc-container\" class=\"ez-toc-v2_0_33_2 counter-hierarchy ez-toc-counter ez-toc-white ez-toc-container-direction\">\n<div class=\"ez-toc-title-container\">\n<p class=\"ez-toc-title\">Contenus<\/p>\n<span class=\"ez-toc-title-toggle\"><a href=\"#\" class=\"ez-toc-pull-right ez-toc-btn ez-toc-btn-xs ez-toc-btn-default ez-toc-toggle\" style=\"display: none;\"><label for=\"item\" aria-label=\"Tabla de contenidos\"><i class=\"ez-toc-glyphicon ez-toc-icon-toggle\"><\/i><\/label><input type=\"checkbox\" id=\"item\"><\/a><\/span><\/div>\n<nav><ul class='ez-toc-list ez-toc-list-level-1'><li class='ez-toc-page-1 ez-toc-heading-level-2'><a class=\"ez-toc-link ez-toc-heading-1\" href=\"https:\/\/nutrident.fr\/es\/canceres-orales-y-efectos-secundarios\/#Cifras_del_cancer_oral\" title=\"Cifras del c\u00e1ncer oral\">Cifras del c\u00e1ncer oral<\/a><\/li><li class='ez-toc-page-1 ez-toc-heading-level-2'><a class=\"ez-toc-link ez-toc-heading-2\" href=\"https:\/\/nutrident.fr\/es\/canceres-orales-y-efectos-secundarios\/#Tipos_de_canceres_orales\" title=\"Tipos de c\u00e1nceres orales\">Tipos de c\u00e1nceres orales<\/a><\/li><li class='ez-toc-page-1 ez-toc-heading-level-2'><a class=\"ez-toc-link ez-toc-heading-3\" href=\"https:\/\/nutrident.fr\/es\/canceres-orales-y-efectos-secundarios\/#Causas_del_cancer_de_LBP\" title=\"Causas del c\u00e1ncer de LBP\">Causas del c\u00e1ncer de LBP<\/a><\/li><li class='ez-toc-page-1 ez-toc-heading-level-2'><a class=\"ez-toc-link ez-toc-heading-4\" href=\"https:\/\/nutrident.fr\/es\/canceres-orales-y-efectos-secundarios\/#Sintomas_de_los_canceres_orales\" title=\"S\u00edntomas de los c\u00e1nceres orales\">S\u00edntomas de los c\u00e1nceres orales<\/a><\/li><li class='ez-toc-page-1 ez-toc-heading-level-2'><a class=\"ez-toc-link ez-toc-heading-5\" href=\"https:\/\/nutrident.fr\/es\/canceres-orales-y-efectos-secundarios\/#Tratamiento_de_los_canceres_orales\" title=\"Tratamiento de los c\u00e1nceres orales\">Tratamiento de los c\u00e1nceres orales<\/a><\/li><li class='ez-toc-page-1 ez-toc-heading-level-2'><a class=\"ez-toc-link ez-toc-heading-6\" href=\"https:\/\/nutrident.fr\/es\/canceres-orales-y-efectos-secundarios\/#Efectos_secundarios_de_los_tratamientos_contra_el_cancer\" title=\"Efectos secundarios de los tratamientos contra el c\u00e1ncer\">Efectos secundarios de los tratamientos contra el c\u00e1ncer<\/a><\/li><\/ul><\/nav><\/div>\n<h2><span class=\"ez-toc-section\" id=\"Cifras_del_cancer_oral\"><\/span>Cifras del c\u00e1ncer oral<span class=\"ez-toc-section-end\"><\/span><\/h2>\n\n\n\n<p>Seg\u00fan la Sociedad Espa\u00f1ola de Oncolog\u00eda M\u00e9dica, se estima que en 2023 habr\u00e1 <strong>7.882 nuevos casos<\/strong> de c\u00e1ncer de la cavidad oral y faringe. De estos, 5.644 se le atribuyen a pacientes masculinos y 2.238 a pacientes femeninos.<\/p>\n\n\n\n<p>Las muertes debidas a esta patolog\u00eda disminuyen constantemente gracias a tratamientos cada vez m\u00e1s eficaces, con el posible recurso a la cirug\u00eda reconstructiva para recuperar un \u00f3rgano funcional y est\u00e9tico.<\/p>\n\n\n\n<h2><span class=\"ez-toc-section\" id=\"Tipos_de_canceres_orales\"><\/span>Tipos de c\u00e1nceres orales<span class=\"ez-toc-section-end\"><\/span><\/h2>\n\n\n\n<p>Los c\u00e1nceres de LBP (labio-boca-faringe) son en su mayor\u00eda carcinomas. En lugar de atacar la epidermis, <strong>afectan la membrana mucosa<\/strong> que recubre el interior de la boca. Los c\u00e1nceres de LBP tambi\u00e9n pueden afectar los m\u00fasculos, nervios o huesos de la boca y extenderse a los labios y la faringe. La faringe es la encrucijada aerodigestiva entre las v\u00edas respiratorias (de la cavidad nasal a la laringe) y el tubo digestivo (de la cavidad oral o boca al es\u00f3fago).<\/p>\n\n\n\n<p>As\u00ed, se puede distinguir entre:<\/p>\n\n\n\n<ul><li><strong>C\u00e1ncer de lengua<\/strong>: el m\u00e1s com\u00fan despu\u00e9s del carcinoma<\/li><li><strong>C\u00e1ncer de paladar<\/strong><\/li><li><strong>C\u00e1ncer de am\u00edgdalas<\/strong>: puede ser carcinoma o linfoma (c\u00e1ncer de la linfa)<\/li><li><strong>C\u00e1ncer de labios<\/strong>: puede estar afectado en la superficie o en la capa m\u00e1s profunda de la epidermis<\/li><\/ul>\n\n\n\n<h2><span class=\"ez-toc-section\" id=\"Causas_del_cancer_de_LBP\"><\/span>Causas del c\u00e1ncer de LBP<span class=\"ez-toc-section-end\"><\/span><\/h2>\n\n\n<div class=\"wp-block-image\">\n<figure class=\"alignright size-large is-resized\"><img src=\"https:\/\/nutrident.fr\/wp-content\/uploads\/2023\/05\/cancer-oral-tabaquismo-1024x682.jpg\" alt=\"c\u00e1nceres orales\" class=\"wp-image-21340\" width=\"300\" height=\"200\" srcset=\"https:\/\/nutrident.fr\/wp-content\/uploads\/2023\/05\/cancer-oral-tabaquismo-1024x682.jpg 1024w, https:\/\/nutrident.fr\/wp-content\/uploads\/2023\/05\/cancer-oral-tabaquismo-300x200.jpg 300w, https:\/\/nutrident.fr\/wp-content\/uploads\/2023\/05\/cancer-oral-tabaquismo-768x512.jpg 768w, https:\/\/nutrident.fr\/wp-content\/uploads\/2023\/05\/cancer-oral-tabaquismo-1536x1024.jpg 1536w, https:\/\/nutrident.fr\/wp-content\/uploads\/2023\/05\/cancer-oral-tabaquismo-254x169.jpg 254w, https:\/\/nutrident.fr\/wp-content\/uploads\/2023\/05\/cancer-oral-tabaquismo-66x44.jpg 66w, https:\/\/nutrident.fr\/wp-content\/uploads\/2023\/05\/cancer-oral-tabaquismo-120x80.jpg 120w, https:\/\/nutrident.fr\/wp-content\/uploads\/2023\/05\/cancer-oral-tabaquismo.jpg 2000w\" sizes=\"(max-width: 300px) 100vw, 300px\" \/><figcaption>El tabaquismo es una de las principales causas de los c\u00e1nceres orales<\/figcaption><\/figure><\/div>\n\n\n<p>Los c\u00e1nceres de LBP <strong>son m\u00e1s frecuentes en los hombres que en las mujeres<\/strong>. A menudo es posible relacionarlos con comportamientos muy identificados, como el tabaquismo y el consumo de alcohol. Estos <a href=\"https:\/\/nutrident.fr\/es\/7-malos-habitos-que-danan-los-dientes\/\">malos h\u00e1bitos<\/a> tardan en desencadenar patolog\u00edas, por lo que estos c\u00e1nceres suelen aparecer despu\u00e9s de los 40 a\u00f1os. Sin embargo, como todos los c\u00e1nceres, la causa no siempre se identifica y siempre hay que tener en cuenta la transmisi\u00f3n hereditaria.<\/p>\n\n\n\n<p>Los factores de riesgo reconocidos incluyen:<\/p>\n\n\n\n<ul><li>Consumo de <a href=\"https:\/\/nutrident.fr\/es\/alcohol-y-dientes\/\" target=\"_blank\" data-type=\"URL\" data-id=\"https:\/\/nutrident.fr\/es\/alcohol-y-dientes\/\" rel=\"noreferrer noopener\">alcohol<\/a><\/li><li>Fumar o masticar <a href=\"https:\/\/nutrident.fr\/es\/tabaco\/\" target=\"_blank\" data-type=\"URL\" data-id=\"https:\/\/nutrident.fr\/es\/tabaco\/\" rel=\"noreferrer noopener\">tabaco<\/a><\/li><li>Otros productos masticables como las nueces de areca o el betel<\/li><li>La exposici\u00f3n a los rayos UV del sol en el caso del c\u00e1ncer de labios<\/li><li>Infecciones por el VPH (virus del papiloma humano)<\/li><\/ul>\n\n\n\n<p>Tambi\u00e9n hay que tener en cuenta la influencia de otras afecciones relacionadas, cancerosas y no cancerosas, y las graves <strong>deficiencias nutricionales<\/strong>, que debilitan el sistema inmunitario y lo hacen m\u00e1s susceptible al desarrollo del c\u00e1ncer.<\/p>\n\n\n\n<h2><span class=\"ez-toc-section\" id=\"Sintomas_de_los_canceres_orales\"><\/span>S\u00edntomas de los c\u00e1nceres orales<span class=\"ez-toc-section-end\"><\/span><\/h2>\n\n\n\n<p>Los c\u00e1nceres s\u00f3lo pueden detectarse mediante un examen m\u00e9dico, pero pueden producir ciertos problemas que suelen ser abordados por el dentista. Cuanto antes se trate un c\u00e1ncer, m\u00e1s altas son las probabilidades de curarse.<\/p>\n\n\n<div class=\"wp-block-image\">\n<figure class=\"alignright size-large is-resized\"><img src=\"https:\/\/nutrident.fr\/wp-content\/uploads\/2023\/05\/cancer-de-lengua-1024x1024.jpg\" alt=\"\" class=\"wp-image-21343\" width=\"300\" height=\"300\" srcset=\"https:\/\/nutrident.fr\/wp-content\/uploads\/2023\/05\/cancer-de-lengua-1024x1024.jpg 1024w, https:\/\/nutrident.fr\/wp-content\/uploads\/2023\/05\/cancer-de-lengua-300x300.jpg 300w, https:\/\/nutrident.fr\/wp-content\/uploads\/2023\/05\/cancer-de-lengua-150x150.jpg 150w, https:\/\/nutrident.fr\/wp-content\/uploads\/2023\/05\/cancer-de-lengua-768x768.jpg 768w, https:\/\/nutrident.fr\/wp-content\/uploads\/2023\/05\/cancer-de-lengua-1536x1536.jpg 1536w, https:\/\/nutrident.fr\/wp-content\/uploads\/2023\/05\/cancer-de-lengua-190x190.jpg 190w, https:\/\/nutrident.fr\/wp-content\/uploads\/2023\/05\/cancer-de-lengua-66x66.jpg 66w, https:\/\/nutrident.fr\/wp-content\/uploads\/2023\/05\/cancer-de-lengua-120x120.jpg 120w, https:\/\/nutrident.fr\/wp-content\/uploads\/2023\/05\/cancer-de-lengua.jpg 2000w\" sizes=\"(max-width: 300px) 100vw, 300px\" \/><figcaption>El c\u00e1ncer bucal puede provocar manchas extra\u00f1as en la lengua<\/figcaption><\/figure><\/div>\n\n\n<p>Estas son algunas de las anomal\u00edas a las que debe prestar atenci\u00f3n:<\/p>\n\n\n\n<ul><li>Coloraci\u00f3n roja y blanca<\/li><li>Lesiones orales que no cicatrizan<\/li><li>Sangrado<\/li><li>Bultos e hinchazones<\/li><li>Dolor inexplicable<\/li><li>P\u00e9rdida de sensibilidad<\/li><li>Voz ronca<\/li><li>Movimientos dentales<\/li><\/ul>\n\n\n\n<h2><span class=\"ez-toc-section\" id=\"Tratamiento_de_los_canceres_orales\"><\/span>Tratamiento de los c\u00e1nceres orales<span class=\"ez-toc-section-end\"><\/span><\/h2>\n\n\n\n<p>El c\u00e1ncer bucal se suele tratar con <strong>quimioterapia<\/strong> (para evitar que se extienda), <strong>radioterapia<\/strong> (para destruir las c\u00e9lulas cancerosas) y\/o <strong>cirug\u00eda oncol\u00f3gica<\/strong> (para extirpar las partes afectadas).<\/p>\n\n\n\n<h2><span class=\"ez-toc-section\" id=\"Efectos_secundarios_de_los_tratamientos_contra_el_cancer\"><\/span>Efectos secundarios de los tratamientos contra el c\u00e1ncer<span class=\"ez-toc-section-end\"><\/span><\/h2>\n\n\n\n<p>Cualquier tratamiento m\u00e9dico tiene efectos secundarios. En el caso del c\u00e1ncer, ya sea de boca o de cualquier otro \u00f3rgano, la quimioterapia y la radioterapia son tratamientos agresivos que pueden <strong>afectar la salud bucodental<\/strong>. Durante estos tratamientos, la mucosa de la boca se enfrenta a desaf\u00edos significativos, as\u00ed que, m\u00e1s que nunca, se debe adoptar una higiene oral impecable.<\/p>\n\n\n\n<p><a href=\"https:\/\/nutrident.fr\/es\/atencion-dental-en-prevision-del-tratamiento-del-cancer-por-radioterapia\/\" data-type=\"URL\" data-id=\"https:\/\/nutrident.fr\/es\/atencion-dental-en-prevision-del-tratamiento-del-cancer-por-radioterapia\/\" target=\"_blank\" rel=\"noreferrer noopener\">Antes de comenzar el tratamiento de radioterapia<\/a> o quimioterapia para cualquier tipo de c\u00e1ncer, programa una cita con tu dentista para <strong>tratar cualquier afecci\u00f3n oral<\/strong> que puedas tener. Los tratamientos contra el c\u00e1ncer aumentan el riesgo de desarrollar caries y aceleran la formaci\u00f3n de caries incipientes, por lo que debes tratarlas primero.<\/p>\n\n\n\n<p>Las gl\u00e1ndulas salivales tambi\u00e9n pueden verse afectadas y los tratamientos contra el c\u00e1ncer pueden dar lugar a una <a href=\"https:\/\/nutrident.fr\/es\/boca-seca\/\" data-type=\"URL\" data-id=\"https:\/\/nutrident.fr\/es\/boca-seca\/\" target=\"_blank\" rel=\"noreferrer noopener\">sequedad bucal<\/a> muy desagradable y que adem\u00e1s favorece el desarrollo de caries. Los <a href=\"https:\/\/nutrident.fr\/es\/candidiasis\/\" target=\"_blank\" data-type=\"URL\" data-id=\"https:\/\/nutrident.fr\/es\/candidiasis\/\" rel=\"noreferrer noopener\">hongos<\/a> tambi\u00e9n pueden aprovechar para extenderse, as\u00ed que <strong>la consulta dental es imperativa<\/strong> pues el dentista puede prescribir tratamientos para ambos problemas.<\/p>\n\n\n\n<p>Es posible que <strong>pierdas temporalmente el gusto<\/strong> y que te duela la boca. En este caso, opta por una dieta que requiera la menor cantidad de masticaci\u00f3n posible.<\/p>\n\n\n\n<p>Por \u00faltimo, puedes desarrollar una <strong>osteorradionecrosis<\/strong>, una complicaci\u00f3n de la radioterapia ligada a un defecto de cicatrizaci\u00f3n del tejido \u00f3seo que se trata con cirug\u00eda. Afortunadamente, esta afecci\u00f3n es poco frecuente (entre el 2 y el 4% de los pacientes tratados).<\/p>\n<div class=\"article-data before-content\"><div class=\"article-data__date\"><div class=\"article-data__date-modified\"><time class=\"published\" datetime=\"2022-10-27T18:01:14+00:00\">This article was originally published on&nbsp;<span class=\"2\">octubre 27, 2022<\/span>&nbsp;and was most recently updated on&nbsp;<span>mayo 31, 2023<\/span><\/time><br><\/div><\/div><\/div><div class=\"user-info\"><\/div><!--copyscapeskip--><div class=\"medical_references\"><div class=\"medical_references__heading\"><span>Fuentes M\u00e9dicas<\/span><\/div><div class=\"medical_references__list\"><p><strong>SEOM:<\/strong> <a href=\"https:\/\/seom.org\/images\/Las_cifras_del_Cancer_en_Espana_2023.pdf\" target=\"_blank\" rel=\"noopener\">Las cifras del c\u00e1ncer en Espa\u00f1a 2023<\/a>. Consultado el 25 de mayo de 2023.<\/p>\n<p><strong>ELSAN:<\/strong> <a href=\"https:\/\/radiotherapie-hartmann.fr\/actualites\/traitements\/effets-secondaires-de-la-radiotherapie-mammaire\/\" target=\"_blank\" rel=\"noopener\">Quels sont les effets secondaires de la radioth\u00e9rapie mammaire?<\/a> Consultado el 25 de mayo de 2023.<\/p>\n<\/div><\/div><!--\/copyscapeskip-->","protected":false},"excerpt":{"rendered":"<p>Updated:&nbsp;mayo 31, 2023 Los c\u00e1nceres orales son un grupo de enfermedades que pueden afectar cualquier parte de la cavidad oral: labios, lengua, enc\u00edas, paladar, am\u00edgdalas e incluso la faringe. En este art\u00edculo, exploraremos los diferentes tipos de c\u00e1nceres bucales, sus causas, s\u00edntomas y tratamientos, as\u00ed como los posibles efectos secundarios de la quimioterapia y la [&hellip;]<\/p>\n","protected":false},"author":2,"featured_media":8136,"parent":0,"menu_order":0,"comment_status":"closed","ping_status":"open","template":"","meta":{"inline_featured_image":false},"acf":[],"_links":{"self":[{"href":"https:\/\/nutrident.fr\/es\/wp-json\/wp\/v2\/pages\/16872"}],"collection":[{"href":"https:\/\/nutrident.fr\/es\/wp-json\/wp\/v2\/pages"}],"about":[{"href":"https:\/\/nutrident.fr\/es\/wp-json\/wp\/v2\/types\/page"}],"author":[{"embeddable":true,"href":"https:\/\/nutrident.fr\/es\/wp-json\/wp\/v2\/users\/2"}],"replies":[{"embeddable":true,"href":"https:\/\/nutrident.fr\/es\/wp-json\/wp\/v2\/comments?post=16872"}],"version-history":[{"count":6,"href":"https:\/\/nutrident.fr\/es\/wp-json\/wp\/v2\/pages\/16872\/revisions"}],"predecessor-version":[{"id":21349,"href":"https:\/\/nutrident.fr\/es\/wp-json\/wp\/v2\/pages\/16872\/revisions\/21349"}],"wp:featuredmedia":[{"embeddable":true,"href":"https:\/\/nutrident.fr\/es\/wp-json\/wp\/v2\/media\/8136"}],"wp:attachment":[{"href":"https:\/\/nutrident.fr\/es\/wp-json\/wp\/v2\/media?parent=16872"}],"curies":[{"name":"wp","href":"https:\/\/api.w.org\/{rel}","templated":true}]}}