

{"id":21683,"date":"2023-06-09T08:10:02","date_gmt":"2023-06-09T08:10:02","guid":{"rendered":"https:\/\/nutrident.fr\/?page_id=21683"},"modified":"2023-06-09T08:14:04","modified_gmt":"2023-06-09T08:14:04","slug":"atencion-dental-en-prevision-del-tratamiento-del-cancer-por-radioterapia","status":"publish","type":"page","link":"https:\/\/nutrident.fr\/es\/atencion-dental-en-prevision-del-tratamiento-del-cancer-por-radioterapia\/","title":{"rendered":"Atenci\u00f3n dental en previsi\u00f3n del tratamiento de radioterapia contra el c\u00e1ncer"},"content":{"rendered":"<div class=\"meta\"><div class=\"meta__users\"><\/div><div class=\"meta__date-modified\">Updated:&nbsp;<span>junio 9, 2023<\/span><\/div><\/div><div class=\"wp-block-image\">\n<figure class=\"alignright size-large is-resized\"><img src=\"https:\/\/nutrident.fr\/wp-content\/uploads\/2023\/05\/tratamiento-de-radioterapia-contra-el-cancer-1024x684.jpg\" alt=\"\" class=\"wp-image-21328\" width=\"300\" height=\"200\" srcset=\"https:\/\/nutrident.fr\/wp-content\/uploads\/2023\/05\/tratamiento-de-radioterapia-contra-el-cancer-1024x684.jpg 1024w, https:\/\/nutrident.fr\/wp-content\/uploads\/2023\/05\/tratamiento-de-radioterapia-contra-el-cancer-300x200.jpg 300w, https:\/\/nutrident.fr\/wp-content\/uploads\/2023\/05\/tratamiento-de-radioterapia-contra-el-cancer-768x513.jpg 768w, https:\/\/nutrident.fr\/wp-content\/uploads\/2023\/05\/tratamiento-de-radioterapia-contra-el-cancer-1536x1025.jpg 1536w, https:\/\/nutrident.fr\/wp-content\/uploads\/2023\/05\/tratamiento-de-radioterapia-contra-el-cancer-254x170.jpg 254w, https:\/\/nutrident.fr\/wp-content\/uploads\/2023\/05\/tratamiento-de-radioterapia-contra-el-cancer-66x44.jpg 66w, https:\/\/nutrident.fr\/wp-content\/uploads\/2023\/05\/tratamiento-de-radioterapia-contra-el-cancer-120x80.jpg 120w, https:\/\/nutrident.fr\/wp-content\/uploads\/2023\/05\/tratamiento-de-radioterapia-contra-el-cancer.jpg 2000w\" sizes=\"(max-width: 300px) 100vw, 300px\" \/><\/figure><\/div>\n\n\n<p>El c\u00e1ncer es una de las principales causas de muerte en Espa\u00f1a y es una enfermedad que requiere cuidados de radioterapia que afectan significativamente el cuerpo en su conjunto. Sea cual sea el \u00f3rgano a tratar, es fundamental que la salud bucal del paciente sea \u00f3ptima. No se puede correr el riesgo de sufrir la m\u00e1s m\u00ednima infecci\u00f3n durante un tratamiento que es tan agresivo, por lo que <strong>una visita de control al dentista es esencial<\/strong>.<\/p>\n\n\n\n<p>En este art\u00edculo, exploraremos la importancia de la atenci\u00f3n dental previa a la radioterapia contra el c\u00e1ncer y los cuidados dentales que hay que tomar antes y durante este tratamiento.<\/p>\n\n\n\n<div id=\"ez-toc-container\" class=\"ez-toc-v2_0_33_2 counter-hierarchy ez-toc-counter ez-toc-white ez-toc-container-direction\">\n<div class=\"ez-toc-title-container\">\n<p class=\"ez-toc-title\">Contenus<\/p>\n<span class=\"ez-toc-title-toggle\"><a href=\"#\" class=\"ez-toc-pull-right ez-toc-btn ez-toc-btn-xs ez-toc-btn-default ez-toc-toggle\" style=\"display: none;\"><label for=\"item\" aria-label=\"Tabla de contenidos\"><i class=\"ez-toc-glyphicon ez-toc-icon-toggle\"><\/i><\/label><input type=\"checkbox\" id=\"item\"><\/a><\/span><\/div>\n<nav><ul class='ez-toc-list ez-toc-list-level-1'><li class='ez-toc-page-1 ez-toc-heading-level-2'><a class=\"ez-toc-link ez-toc-heading-1\" href=\"https:\/\/nutrident.fr\/es\/atencion-dental-en-prevision-del-tratamiento-del-cancer-por-radioterapia\/#Programar_una_cita_con_el_dentista\" title=\"Programar una cita con el dentista\">Programar una cita con el dentista<\/a><\/li><li class='ez-toc-page-1 ez-toc-heading-level-2'><a class=\"ez-toc-link ez-toc-heading-2\" href=\"https:\/\/nutrident.fr\/es\/atencion-dental-en-prevision-del-tratamiento-del-cancer-por-radioterapia\/#Cuidados_dentales_antes_de_comenzar_la_radioterapia\" title=\"Cuidados dentales antes de comenzar la radioterapia\">Cuidados dentales antes de comenzar la radioterapia<\/a><\/li><li class='ez-toc-page-1 ez-toc-heading-level-2'><a class=\"ez-toc-link ez-toc-heading-3\" href=\"https:\/\/nutrident.fr\/es\/atencion-dental-en-prevision-del-tratamiento-del-cancer-por-radioterapia\/#La_eleccion_de_las_bebidas_y_el_regusto_metalico\" title=\"La elecci\u00f3n de las bebidas y el regusto met\u00e1lico\">La elecci\u00f3n de las bebidas y el regusto met\u00e1lico<\/a><\/li><li class='ez-toc-page-1 ez-toc-heading-level-2'><a class=\"ez-toc-link ez-toc-heading-4\" href=\"https:\/\/nutrident.fr\/es\/atencion-dental-en-prevision-del-tratamiento-del-cancer-por-radioterapia\/#El_cuidado_de_la_boca\" title=\"El cuidado de la boca\">El cuidado de la boca<\/a><\/li><li class='ez-toc-page-1 ez-toc-heading-level-2'><a class=\"ez-toc-link ez-toc-heading-5\" href=\"https:\/\/nutrident.fr\/es\/atencion-dental-en-prevision-del-tratamiento-del-cancer-por-radioterapia\/#Utilizacion_del_fluor\" title=\"Utilizaci\u00f3n del fl\u00faor\">Utilizaci\u00f3n del fl\u00faor<\/a><\/li><\/ul><\/nav><\/div>\n<h2><span class=\"ez-toc-section\" id=\"Programar_una_cita_con_el_dentista\"><\/span>Programar una cita con el dentista<span class=\"ez-toc-section-end\"><\/span><\/h2>\n\n\n\n<p>La visita de revisi\u00f3n al dentista es imprescindible antes de <a href=\"https:\/\/www.elsan.care\/fr\/radiotherapie-metz-iprm\/radiotherapie\" target=\"_blank\" rel=\"noopener\">iniciar un tratamiento de radioterapia<\/a>. Si los plazos de tu cita no se ajustan al inicio de tu tratamiento, es importante comunicarle la situaci\u00f3n a tu dentista. Los profesionales de la odontolog\u00eda suelen disponer de franjas horarias reservadas para emergencias y t\u00fa eres una prioridad en esta situaci\u00f3n.<\/p>\n\n\n\n<p>Las infecciones que afectan la boca tambi\u00e9n influyen en todo el cuerpo, especialmente porque la saliva que tragas pasa a trav\u00e9s de tu tracto digestivo y puede llegar a <strong>contaminar otros \u00f3rganos<\/strong>. La revisi\u00f3n dental es a\u00fan m\u00e1s importante si tienes un tumor en la boca o la garganta.<\/p>\n\n\n\n<h2><span class=\"ez-toc-section\" id=\"Cuidados_dentales_antes_de_comenzar_la_radioterapia\"><\/span>Cuidados dentales antes de comenzar la radioterapia<span class=\"ez-toc-section-end\"><\/span><\/h2>\n\n\n\n<p>El dentista debe resolver todos los problemas que podr\u00edan provocar una <a href=\"https:\/\/nutrident.fr\/es\/absceso-dental\/\" target=\"_blank\" data-type=\"URL\" data-id=\"https:\/\/nutrident.fr\/es\/absceso-dental\/\" rel=\"noreferrer noopener\">infecci\u00f3n en la boca<\/a> antes de iniciar la radioterapia. Aprovecha esta oportunidad para realizar una <a href=\"https:\/\/nutrident.fr\/es\/limpieza-dental\/\" target=\"_blank\" data-type=\"URL\" data-id=\"https:\/\/nutrident.fr\/es\/limpieza-dental\/\" rel=\"noreferrer noopener\">limpieza dental<\/a> completa, ya que esto <strong>reducir\u00e1 la adherencia de bacterias<\/strong> que tienden a alojarse en los dep\u00f3sitos de sarro formados por la calcificaci\u00f3n de la placa dental.<\/p>\n\n\n\n<p>Las caries se pueden tratar r\u00e1pidamente en una sola sesi\u00f3n. Si algunos dientes est\u00e1n gravemente afectados, es recomendable realizar <strong>extracciones<\/strong> antes de iniciar el tratamiento de radioterapia contra el c\u00e1ncer.<\/p>\n\n\n\n<h2><span class=\"ez-toc-section\" id=\"La_eleccion_de_las_bebidas_y_el_regusto_metalico\"><\/span>La elecci\u00f3n de las bebidas y el regusto met\u00e1lico<span class=\"ez-toc-section-end\"><\/span><\/h2>\n\n\n\n<p>Los pacientes que tienen que recurrir a la radioterapia a menudo se quejan de un regusto met\u00e1lico que interfiere con toda su dieta. Para eliminar esta desagradable sensaci\u00f3n, nunca se debe recurrir a <a href=\"https:\/\/nutrident.fr\/es\/bebidas-azucaradas\/\" target=\"_blank\" data-type=\"URL\" data-id=\"https:\/\/nutrident.fr\/es\/bebidas-azucaradas\/\" rel=\"noreferrer noopener\">bebidas azucaradas<\/a>, como refrescos o zumos de frutas industriales. Su alto contenido en az\u00facar aporta calor\u00edas de baja calidad y <strong>pone en gran riesgo tus dientes<\/strong>.<\/p>\n\n\n\n<p>De hecho, el az\u00facar de estas bebidas no solo es el alimento preferido de las bacterias que se adhieren a la superficie de los dientes para formar caries, sino que el \u00e1cido presente en las gaseosas ablanda y debilita el <a class=\"wpil_keyword_link \" title=\"Correo electr\u00f3nico\" data-wpil-keyword-link=\"linked\" href=\"https:\/\/nutrident.fr\/es\/esmalte-dental-tratamiento\/\">esmalte<\/a> y este se vuelve vulnerable a las infecciones. En cualquier caso, es preferible <strong>reducir al m\u00ednimo la ingesta de az\u00facar<\/strong> durante todo el tratamiento. Bebe agua y si buscas algo con m\u00e1s sabor puedes recurrir al t\u00e9 o a las infusiones.<\/p>\n\n\n\n<p>Para contrarrestar el regusto met\u00e1lico ligado a la radioterapia, es recomendable consumir <strong>bromelina<\/strong>, una enzima que se encuentra en la composici\u00f3n de la <strong>pi\u00f1a<\/strong>. Puedes encontrar f\u00e1cilmente esta fruta en fruter\u00edas y supermercados e incluso puedes consumirla en conserva, ya que esto no afecta el contenido de bromelina. Sin embargo, nunca olvides cepillarte los dientes despu\u00e9s, ya que la pi\u00f1a es muy dulce y \u00e1cida.<\/p>\n\n\n\n<h2><span class=\"ez-toc-section\" id=\"El_cuidado_de_la_boca\"><\/span>El cuidado de la boca<span class=\"ez-toc-section-end\"><\/span><\/h2>\n\n\n<div class=\"wp-block-image\">\n<figure class=\"alignright size-large is-resized\"><img src=\"https:\/\/nutrident.fr\/wp-content\/uploads\/2023\/05\/cuidados-dentales-cancer-1024x684.jpg\" alt=\"\" class=\"wp-image-21331\" width=\"300\" height=\"200\" srcset=\"https:\/\/nutrident.fr\/wp-content\/uploads\/2023\/05\/cuidados-dentales-cancer-1024x684.jpg 1024w, https:\/\/nutrident.fr\/wp-content\/uploads\/2023\/05\/cuidados-dentales-cancer-300x200.jpg 300w, https:\/\/nutrident.fr\/wp-content\/uploads\/2023\/05\/cuidados-dentales-cancer-768x513.jpg 768w, https:\/\/nutrident.fr\/wp-content\/uploads\/2023\/05\/cuidados-dentales-cancer-1536x1025.jpg 1536w, https:\/\/nutrident.fr\/wp-content\/uploads\/2023\/05\/cuidados-dentales-cancer-254x170.jpg 254w, https:\/\/nutrident.fr\/wp-content\/uploads\/2023\/05\/cuidados-dentales-cancer-66x44.jpg 66w, https:\/\/nutrident.fr\/wp-content\/uploads\/2023\/05\/cuidados-dentales-cancer-120x80.jpg 120w, https:\/\/nutrident.fr\/wp-content\/uploads\/2023\/05\/cuidados-dentales-cancer.jpg 2000w\" sizes=\"(max-width: 300px) 100vw, 300px\" \/><\/figure><\/div>\n\n\n<p>Durante un tratamiento de radioterapia contra el c\u00e1ncer, debes adoptar m\u00e1s que nunca una <a href=\"https:\/\/nutrident.fr\/es\/como-lavarse-los-dientes\/\" target=\"_blank\" data-type=\"URL\" data-id=\"https:\/\/nutrident.fr\/es\/como-lavarse-los-dientes\/\" rel=\"noreferrer noopener\">rutina de limpieza oral<\/a> dr\u00e1stica para asegurar una higiene bucal impecable. Y esto empieza por <strong>cepillarse los dientes inmediatamente despu\u00e9s de cada comida<\/strong>.<\/p>\n\n\n\n<p>Elige siempre un cepillo de dientes con <strong>cerdas suaves<\/strong> e incluso puedes optar por un <a href=\"https:\/\/nutrident.fr\/es\/cepillos-de-dientes-electricos\/\" data-type=\"URL\" data-id=\"https:\/\/nutrident.fr\/es\/cepillos-de-dientes-electricos\/\" target=\"_blank\" rel=\"noreferrer noopener\">cepillo el\u00e9ctrico<\/a> que realiza una mejor limpieza con menos esfuerzo. No obstante, si tu patolog\u00eda <a href=\"https:\/\/nutrident.fr\/es\/canceres-orales-y-efectos-secundarios\/\" target=\"_blank\" data-type=\"URL\" data-id=\"https:\/\/nutrident.fr\/es\/canceres-orales-y-efectos-secundarios\/\" rel=\"noreferrer noopener\">se localiza en la boca<\/a>, probablemente tu dentista te aconsejar\u00e1 que utilices un cepillo de dientes manual.<\/p>\n\n\n\n<p>Es posible que el dentista tambi\u00e9n te prescriba un <strong>enjuague bucal<\/strong> espec\u00edfico que contenga el principio activo gluconato de clorhexidina.<\/p>\n\n\n\n<p>Por otro lado, intenta evitar las pastas de dientes que contengan laurilsulfato de sodio. El SLS es un surfactante que produce espuma, pero no contribuye a mejorar la higiene dental.<\/p>\n\n\n\n<h2><span class=\"ez-toc-section\" id=\"Utilizacion_del_fluor\"><\/span>Utilizaci\u00f3n del fl\u00faor<span class=\"ez-toc-section-end\"><\/span><\/h2>\n\n\n\n<p>Usa una <strong>pasta de dientes con fl\u00faor<\/strong> en dosis altas. Pide consejo a tu dentista, que puede prescribirte una pasta dent\u00edfrica fluorada que s\u00f3lo se vende con receta. Es posible que tambi\u00e9n te recomiende un tratamiento con fl\u00faor, el cual se aplica con unas f\u00e9rulas que se usan durante la noche.<\/p>\n\n\n\n<p>Si el tumor se extiende a la cavidad oral, puede que el dentista opte por aplicar un <strong>barniz de fl\u00faor<\/strong> que contrarreste m\u00e1s eficazmente los ataques bacterianos. Este procedimiento se lleva a cabo en la consulta dental y se debe reaplicar cada tres meses.<\/p>\n<div class=\"article-data before-content\"><div class=\"article-data__date\"><div class=\"article-data__date-modified\"><time class=\"published\" datetime=\"2023-06-09T08:10:02+00:00\">This article was originally published on&nbsp;<span class=\"2\">junio 9, 2023<\/span>&nbsp;and was most recently updated on&nbsp;<span>junio 9, 2023<\/span><\/time><br><\/div><\/div><\/div><div class=\"user-info\"><\/div><!--copyscapeskip--><div class=\"medical_references\"><div class=\"medical_references__heading\"><span>Fuentes M\u00e9dicas<\/span><\/div><div class=\"medical_references__list\"><p><strong>Instituto Nacional del C\u00e1ncer<\/strong>: <a href=\"\"https:\/\/www.cancer.gov\/espanol\/cancer\/tratamiento\/efectos-secundarios\/boca-garganta\/complicaciones-orales-pdq\"\" target=\"\"_blank\"\" rel=\"\"noopener\"\">Complicaciones orales de la quimioterapia y la radioterapia a la cabeza y el cuello (PDQ\u00ae)\u2013Versi\u00f3n para pacientes<\/a>. Consultado el 20 de mayo de 2023.<\/p>\n<p><strong>NIH:<\/strong> <a href=\"\"https:\/\/www.nidcr.nih.gov\/health-info\/cancer-treatments\"\" target=\"\"_blank\"\" rel=\"\"noopener\"\">Cancer Treatments & Oral Health<\/a>. Consultado el 20 de mayo de 2023.\u00bb<\/p>\n<\/div><\/div><!--\/copyscapeskip-->","protected":false},"excerpt":{"rendered":"<p>Updated:&nbsp;junio 9, 2023 El c\u00e1ncer es una de las principales causas de muerte en Espa\u00f1a y es una enfermedad que requiere cuidados de radioterapia que afectan significativamente el cuerpo en su conjunto. Sea cual sea el \u00f3rgano a tratar, es fundamental que la salud bucal del paciente sea \u00f3ptima. No se puede correr el riesgo [&hellip;]<\/p>\n","protected":false},"author":10,"featured_media":8880,"parent":0,"menu_order":0,"comment_status":"closed","ping_status":"closed","template":"","meta":{"inline_featured_image":false},"acf":[],"_links":{"self":[{"href":"https:\/\/nutrident.fr\/es\/wp-json\/wp\/v2\/pages\/21683"}],"collection":[{"href":"https:\/\/nutrident.fr\/es\/wp-json\/wp\/v2\/pages"}],"about":[{"href":"https:\/\/nutrident.fr\/es\/wp-json\/wp\/v2\/types\/page"}],"author":[{"embeddable":true,"href":"https:\/\/nutrident.fr\/es\/wp-json\/wp\/v2\/users\/10"}],"replies":[{"embeddable":true,"href":"https:\/\/nutrident.fr\/es\/wp-json\/wp\/v2\/comments?post=21683"}],"version-history":[{"count":7,"href":"https:\/\/nutrident.fr\/es\/wp-json\/wp\/v2\/pages\/21683\/revisions"}],"predecessor-version":[{"id":21700,"href":"https:\/\/nutrident.fr\/es\/wp-json\/wp\/v2\/pages\/21683\/revisions\/21700"}],"wp:featuredmedia":[{"embeddable":true,"href":"https:\/\/nutrident.fr\/es\/wp-json\/wp\/v2\/media\/8880"}],"wp:attachment":[{"href":"https:\/\/nutrident.fr\/es\/wp-json\/wp\/v2\/media?parent=21683"}],"curies":[{"name":"wp","href":"https:\/\/api.w.org\/{rel}","templated":true}]}}